{"id":2982,"date":"2018-09-24T14:11:44","date_gmt":"2018-09-24T14:11:44","guid":{"rendered":"https:\/\/www.zonderzorg.nl\/congres\/vpep-congres-2019\/"},"modified":"2018-10-22T09:45:27","modified_gmt":"2018-10-22T09:45:27","slug":"vpep-congres-2019","status":"publish","type":"tribe_events","link":"https:\/\/www.zonderzorg.nl\/en\/congres\/vpep-congres-2019\/","title":{"rendered":"VPeP Congres 2019 &#8211;   (G)een brug te ver!"},"content":{"rendered":"<h2>(G)een brug te ver!<\/h2>\n<blockquote><p><a href=\"https:\/\/congres.zonderzorg.nl\/congres-vpep-2019\/\"><strong>Schrijf u nu in<\/strong><\/a> voor het congres en profiteer van de vroegboekkorting!<\/p><\/blockquote>\n<p>Door het toenemende spanningsveld tussen het beheersen van de zorgkosten enerzijds en de ambitie om mensen met psychische klachten goed te helpen anderzijds, voelen psychotherapeuten een sterke druk vanuit de zorgverzekeraars om gericht te zijn op het snel en effici\u00ebnt reduceren van klachten. Het leidt de persoonsgerichte psychotherapeut af van zijn ambitie om een cli\u00ebnt te begeleiden in zijn eigen veranderingsproces. Ondertussen vindt er een &#8216;scholenstrijd&#8217; plaats die polarisatie met zich mee brengt.\u00a0Er is daardoor amper nog ruimte om elkaar te ontmoeten en daardoor de complementaire waarde van methoden en technieken te herkennen. Zonde, want zo wordt vruchtbare kennis te weinig verspreid en worden psychotherapeuten onvoldoende gestimuleerd om hun rugzak te vullen met goedwerkende interventies.<\/p>\n<p>Met het thema\u00a0<em>(G)een brug te ver!\u00a0<\/em>willen we de rugzak van onze gasten vullen met toepasbare idee\u00ebn vanuit een -in de bredere zin- persoonsgericht en experi\u00ebnti\u00ebel gedachtegoed. Een wandeling \u00f3p en n\u00e8t buiten de persoonsgerichte en experi\u00ebnti\u00eble paden, waarin u de kans krijgt om te voelen, te beleven en &#8216;be-lijven&#8217;. We zien uit naar een mooie dag en heten u alvast van harte welkom.<\/p>\n<h4><a href=\"https:\/\/www.vpep.nl\/content\/congres2019.pdf\" target=\"_blank\" rel=\"noopener\"><img decoding=\"async\" class=\"left-50 alignleft\" src=\"https:\/\/www.vpep.nl\/content\/images\/images\/congres2019.jpg\" alt=\"congres2019\" width=\"459\" height=\"650\" \/><\/a><strong>Locatie:<\/strong><\/h4>\n<p>Burgers Zoo te Arnhem.<\/p>\n<h4><strong>Datum:<\/strong><\/h4>\n<p>Vrijdag 24 mei 2019.<\/p>\n<h4><strong>Programma:<\/strong><\/h4>\n<p>Na een letterlijk experi\u00ebnti\u00eble intro van het congres zullen een tweetal sprekers het ochtendprogramma verzorgen.<br \/>\n<strong>Ann Weiser-Cornell<\/strong> (USA) zal een plenaire lezing houden rondom het thema \u201cfocussing\u201d. Verder zal <strong>Nele Stinckens<\/strong> (BE)\u00a0 de tweede lezing verzorgen.<\/p>\n<p>Een definitief overzicht van de workshops zal binnenkort op onze website verschijnen.<\/p>\n<h4><strong>Kosten:<\/strong><\/h4>\n<table>\n<tbody>\n<tr>\n<td><\/td>\n<td><strong>\u00a0\u00a0V\u00f3\u00f3r 24-03-2019<\/strong><\/td>\n<td><strong>\u00a0\u00a0N\u00e1 24-03-2019<\/strong><\/td>\n<\/tr>\n<tr>\n<td>Leden van de VPeP\/VVCEPC<\/td>\n<td>\u20ac 200,-<\/td>\n<td>\u20ac 230,-<\/td>\n<\/tr>\n<tr>\n<td>Niet-leden<\/td>\n<td>\u20ac 250,-<\/td>\n<td>\u20ac 280,-<\/td>\n<\/tr>\n<tr>\n<td>Opleidelingen KP\/PT\/GZ\/basispsychologen<\/td>\n<td>\u20ac 120,-<\/td>\n<td>\u20ac 150,-<\/td>\n<\/tr>\n<tr>\n<td>Studenten gedragswetenschappen<\/td>\n<td>\u20ac 50,-<\/td>\n<td>\u20ac 65,-<\/td>\n<\/tr>\n<\/tbody>\n<\/table>\n<p>&nbsp;<\/p>\n<p>We hopen dat we u een programma kunnen bieden waarin nieuwe ervaringen ervaren worden aan de andere kant van \u201cde brug\u201d. We zien uit naar een mooie dag en heten u alvast van harte welkom.<\/p>\n<p><a href=\"https:\/\/congres.zonderzorg.nl\/congres-vpep-2019\/\"><strong>Schrijf u nu in<\/strong><\/a> voor het congres en profiteer van de vroegboekkorting!<\/p>\n","protected":false},"excerpt":{"rendered":"<p>Na een letterlijk experi\u00ebnti\u00eble intro van het congres, zullen een tweetal sprekers het ochtendprogramma verzorgen. Ann Weiser-Cornell (USA) zal een plenaire lezing houden rondom het thema \u201cfocussing\u201d. Verder zal Nele Stinckens (BE)  de tweede lezing verzorgen.Na een uitgebreide lunch zal het congres vervolgd worden met een middagprogramma met workshops, waarin u de kans krijgt om te voelen, te beleven en &#8216;be-lijven&#8217;. [&#8230;]<\/p>\n","protected":false},"author":3,"featured_media":0,"comment_status":"closed","ping_status":"closed","template":"","meta":{"_acf_changed":false,"_tribe_events_status":"","_tribe_events_status_reason":"","footnotes":""},"tags":[],"tribe_events_cat":[],"acf":[],"yoast_head":"<!-- This site is optimized with the Yoast SEO plugin v22.5 - https:\/\/yoast.com\/wordpress\/plugins\/seo\/ -->\n<title>VPeP Congres 2019 -  (G)een brug te ver! - ZonderZorg<\/title>\n<meta name=\"robots\" content=\"index, follow, max-snippet:-1, max-image-preview:large, max-video-preview:-1\" \/>\n<link rel=\"canonical\" href=\"https:\/\/www.zonderzorg.nl\/en\/congres\/vpep-congres-2019\/\" \/>\n<meta property=\"og:locale\" content=\"en_US\" \/>\n<meta property=\"og:type\" content=\"article\" \/>\n<meta property=\"og:title\" content=\"VPeP Congres 2019 -  (G)een brug te ver! - ZonderZorg\" \/>\n<meta property=\"og:description\" content=\"Na een letterlijk experi\u00ebnti\u00eble intro van het congres, zullen een tweetal sprekers het ochtendprogramma verzorgen. Ann Weiser-Cornell (USA) zal een plenaire lezing houden rondom het thema \u201cfocussing\u201d. Verder zal Nele Stinckens (BE) de tweede lezing verzorgen.Na een uitgebreide lunch zal het congres vervolgd worden met een middagprogramma met workshops, waarin u de kans krijgt om te voelen, te beleven en &#039;be-lijven&#039;. [...]\" \/>\n<meta property=\"og:url\" content=\"https:\/\/www.zonderzorg.nl\/en\/congres\/vpep-congres-2019\/\" \/>\n<meta property=\"og:site_name\" content=\"ZonderZorg\" \/>\n<meta property=\"article:publisher\" content=\"https:\/\/www.facebook.com\/zonderzorgamsterdam\/\" \/>\n<meta property=\"article:modified_time\" content=\"2018-10-22T09:45:27+00:00\" \/>\n<meta property=\"og:image\" content=\"https:\/\/www.vpep.nl\/content\/images\/images\/congres2019.jpg\" \/>\n<meta name=\"twitter:card\" content=\"summary_large_image\" \/>\n<meta name=\"twitter:site\" content=\"@ZonderZorgNL\" \/>\n<meta name=\"twitter:label1\" content=\"Est. reading time\" \/>\n\t<meta name=\"twitter:data1\" content=\"2 minutes\" \/>\n<script type=\"application\/ld+json\" class=\"yoast-schema-graph\">{\"@context\":\"https:\/\/schema.org\",\"@graph\":[{\"@type\":\"WebPage\",\"@id\":\"https:\/\/www.zonderzorg.nl\/en\/congres\/vpep-congres-2019\/\",\"url\":\"https:\/\/www.zonderzorg.nl\/en\/congres\/vpep-congres-2019\/\",\"name\":\"VPeP Congres 2019 - (G)een brug te ver! - ZonderZorg\",\"isPartOf\":{\"@id\":\"https:\/\/www.zonderzorg.nl\/#website\"},\"primaryImageOfPage\":{\"@id\":\"https:\/\/www.zonderzorg.nl\/en\/congres\/vpep-congres-2019\/#primaryimage\"},\"image\":{\"@id\":\"https:\/\/www.zonderzorg.nl\/en\/congres\/vpep-congres-2019\/#primaryimage\"},\"thumbnailUrl\":\"https:\/\/www.vpep.nl\/content\/images\/images\/congres2019.jpg\",\"datePublished\":\"2018-09-24T14:11:44+00:00\",\"dateModified\":\"2018-10-22T09:45:27+00:00\",\"breadcrumb\":{\"@id\":\"https:\/\/www.zonderzorg.nl\/en\/congres\/vpep-congres-2019\/#breadcrumb\"},\"inLanguage\":\"en-US\",\"potentialAction\":[{\"@type\":\"ReadAction\",\"target\":[\"https:\/\/www.zonderzorg.nl\/en\/congres\/vpep-congres-2019\/\"]}]},{\"@type\":\"ImageObject\",\"inLanguage\":\"en-US\",\"@id\":\"https:\/\/www.zonderzorg.nl\/en\/congres\/vpep-congres-2019\/#primaryimage\",\"url\":\"https:\/\/www.vpep.nl\/content\/images\/images\/congres2019.jpg\",\"contentUrl\":\"https:\/\/www.vpep.nl\/content\/images\/images\/congres2019.jpg\"},{\"@type\":\"BreadcrumbList\",\"@id\":\"https:\/\/www.zonderzorg.nl\/en\/congres\/vpep-congres-2019\/#breadcrumb\",\"itemListElement\":[{\"@type\":\"ListItem\",\"position\":1,\"name\":\"Home\",\"item\":\"https:\/\/www.zonderzorg.nl\/en\/\"},{\"@type\":\"ListItem\",\"position\":2,\"name\":\"Evenementen\",\"item\":\"https:\/\/www.zonderzorg.nl\/agenda\/\"},{\"@type\":\"ListItem\",\"position\":3,\"name\":\"VPeP Congres 2019 &#8211; (G)een brug te ver!\"}]},{\"@type\":\"WebSite\",\"@id\":\"https:\/\/www.zonderzorg.nl\/#website\",\"url\":\"https:\/\/www.zonderzorg.nl\/\",\"name\":\"ZonderZorg\",\"description\":\"Congres &amp; Administratie\",\"publisher\":{\"@id\":\"https:\/\/www.zonderzorg.nl\/#organization\"},\"potentialAction\":[{\"@type\":\"SearchAction\",\"target\":{\"@type\":\"EntryPoint\",\"urlTemplate\":\"https:\/\/www.zonderzorg.nl\/?s={search_term_string}\"},\"query-input\":\"required name=search_term_string\"}],\"inLanguage\":\"en-US\"},{\"@type\":\"Organization\",\"@id\":\"https:\/\/www.zonderzorg.nl\/#organization\",\"name\":\"ZonderZorg\",\"url\":\"https:\/\/www.zonderzorg.nl\/\",\"logo\":{\"@type\":\"ImageObject\",\"inLanguage\":\"en-US\",\"@id\":\"https:\/\/www.zonderzorg.nl\/#\/schema\/logo\/image\/\",\"url\":\"https:\/\/www.zonderzorg.nl\/wp-content\/uploads\/2018\/10\/Facebookprofile_180x180.jpg\",\"contentUrl\":\"https:\/\/www.zonderzorg.nl\/wp-content\/uploads\/2018\/10\/Facebookprofile_180x180.jpg\",\"width\":750,\"height\":750,\"caption\":\"ZonderZorg\"},\"image\":{\"@id\":\"https:\/\/www.zonderzorg.nl\/#\/schema\/logo\/image\/\"},\"sameAs\":[\"https:\/\/www.facebook.com\/zonderzorgamsterdam\/\",\"https:\/\/x.com\/ZonderZorgNL\",\"https:\/\/www.linkedin.com\/company\/zonderzorg\/\"]}]}<\/script>\n<!-- \/ Yoast SEO plugin. -->","yoast_head_json":{"title":"VPeP Congres 2019 -  (G)een brug te ver! - ZonderZorg","robots":{"index":"index","follow":"follow","max-snippet":"max-snippet:-1","max-image-preview":"max-image-preview:large","max-video-preview":"max-video-preview:-1"},"canonical":"https:\/\/www.zonderzorg.nl\/en\/congres\/vpep-congres-2019\/","og_locale":"en_US","og_type":"article","og_title":"VPeP Congres 2019 -  (G)een brug te ver! - ZonderZorg","og_description":"Na een letterlijk experi\u00ebnti\u00eble intro van het congres, zullen een tweetal sprekers het ochtendprogramma verzorgen. Ann Weiser-Cornell (USA) zal een plenaire lezing houden rondom het thema \u201cfocussing\u201d. Verder zal Nele Stinckens (BE) de tweede lezing verzorgen.Na een uitgebreide lunch zal het congres vervolgd worden met een middagprogramma met workshops, waarin u de kans krijgt om te voelen, te beleven en 'be-lijven'. [...]","og_url":"https:\/\/www.zonderzorg.nl\/en\/congres\/vpep-congres-2019\/","og_site_name":"ZonderZorg","article_publisher":"https:\/\/www.facebook.com\/zonderzorgamsterdam\/","article_modified_time":"2018-10-22T09:45:27+00:00","og_image":[{"url":"https:\/\/www.vpep.nl\/content\/images\/images\/congres2019.jpg"}],"twitter_card":"summary_large_image","twitter_site":"@ZonderZorgNL","twitter_misc":{"Est. reading time":"2 minutes"},"schema":{"@context":"https:\/\/schema.org","@graph":[{"@type":"WebPage","@id":"https:\/\/www.zonderzorg.nl\/en\/congres\/vpep-congres-2019\/","url":"https:\/\/www.zonderzorg.nl\/en\/congres\/vpep-congres-2019\/","name":"VPeP Congres 2019 - (G)een brug te ver! - ZonderZorg","isPartOf":{"@id":"https:\/\/www.zonderzorg.nl\/#website"},"primaryImageOfPage":{"@id":"https:\/\/www.zonderzorg.nl\/en\/congres\/vpep-congres-2019\/#primaryimage"},"image":{"@id":"https:\/\/www.zonderzorg.nl\/en\/congres\/vpep-congres-2019\/#primaryimage"},"thumbnailUrl":"https:\/\/www.vpep.nl\/content\/images\/images\/congres2019.jpg","datePublished":"2018-09-24T14:11:44+00:00","dateModified":"2018-10-22T09:45:27+00:00","breadcrumb":{"@id":"https:\/\/www.zonderzorg.nl\/en\/congres\/vpep-congres-2019\/#breadcrumb"},"inLanguage":"en-US","potentialAction":[{"@type":"ReadAction","target":["https:\/\/www.zonderzorg.nl\/en\/congres\/vpep-congres-2019\/"]}]},{"@type":"ImageObject","inLanguage":"en-US","@id":"https:\/\/www.zonderzorg.nl\/en\/congres\/vpep-congres-2019\/#primaryimage","url":"https:\/\/www.vpep.nl\/content\/images\/images\/congres2019.jpg","contentUrl":"https:\/\/www.vpep.nl\/content\/images\/images\/congres2019.jpg"},{"@type":"BreadcrumbList","@id":"https:\/\/www.zonderzorg.nl\/en\/congres\/vpep-congres-2019\/#breadcrumb","itemListElement":[{"@type":"ListItem","position":1,"name":"Home","item":"https:\/\/www.zonderzorg.nl\/en\/"},{"@type":"ListItem","position":2,"name":"Evenementen","item":"https:\/\/www.zonderzorg.nl\/agenda\/"},{"@type":"ListItem","position":3,"name":"VPeP Congres 2019 &#8211; (G)een brug te ver!"}]},{"@type":"WebSite","@id":"https:\/\/www.zonderzorg.nl\/#website","url":"https:\/\/www.zonderzorg.nl\/","name":"ZonderZorg","description":"Congres &amp; Administratie","publisher":{"@id":"https:\/\/www.zonderzorg.nl\/#organization"},"potentialAction":[{"@type":"SearchAction","target":{"@type":"EntryPoint","urlTemplate":"https:\/\/www.zonderzorg.nl\/?s={search_term_string}"},"query-input":"required name=search_term_string"}],"inLanguage":"en-US"},{"@type":"Organization","@id":"https:\/\/www.zonderzorg.nl\/#organization","name":"ZonderZorg","url":"https:\/\/www.zonderzorg.nl\/","logo":{"@type":"ImageObject","inLanguage":"en-US","@id":"https:\/\/www.zonderzorg.nl\/#\/schema\/logo\/image\/","url":"https:\/\/www.zonderzorg.nl\/wp-content\/uploads\/2018\/10\/Facebookprofile_180x180.jpg","contentUrl":"https:\/\/www.zonderzorg.nl\/wp-content\/uploads\/2018\/10\/Facebookprofile_180x180.jpg","width":750,"height":750,"caption":"ZonderZorg"},"image":{"@id":"https:\/\/www.zonderzorg.nl\/#\/schema\/logo\/image\/"},"sameAs":["https:\/\/www.facebook.com\/zonderzorgamsterdam\/","https:\/\/x.com\/ZonderZorgNL","https:\/\/www.linkedin.com\/company\/zonderzorg\/"]}]}},"_links":{"self":[{"href":"https:\/\/www.zonderzorg.nl\/en\/wp-json\/wp\/v2\/tribe_events\/2982"}],"collection":[{"href":"https:\/\/www.zonderzorg.nl\/en\/wp-json\/wp\/v2\/tribe_events"}],"about":[{"href":"https:\/\/www.zonderzorg.nl\/en\/wp-json\/wp\/v2\/types\/tribe_events"}],"author":[{"embeddable":true,"href":"https:\/\/www.zonderzorg.nl\/en\/wp-json\/wp\/v2\/users\/3"}],"replies":[{"embeddable":true,"href":"https:\/\/www.zonderzorg.nl\/en\/wp-json\/wp\/v2\/comments?post=2982"}],"version-history":[{"count":0,"href":"https:\/\/www.zonderzorg.nl\/en\/wp-json\/wp\/v2\/tribe_events\/2982\/revisions"}],"wp:attachment":[{"href":"https:\/\/www.zonderzorg.nl\/en\/wp-json\/wp\/v2\/media?parent=2982"}],"wp:term":[{"taxonomy":"post_tag","embeddable":true,"href":"https:\/\/www.zonderzorg.nl\/en\/wp-json\/wp\/v2\/tags?post=2982"},{"taxonomy":"tribe_events_cat","embeddable":true,"href":"https:\/\/www.zonderzorg.nl\/en\/wp-json\/wp\/v2\/tribe_events_cat?post=2982"}],"curies":[{"name":"wp","href":"https:\/\/api.w.org\/{rel}","templated":true}]}}